{"id":23,"date":"2020-05-25T17:51:31","date_gmt":"2020-05-25T17:51:31","guid":{"rendered":"http:\/\/ohrofyll.com\/?page_id=23"},"modified":"2026-03-19T19:54:58","modified_gmt":"2026-03-19T19:54:58","slug":"termine","status":"publish","type":"page","link":"https:\/\/ohrofyll.com\/?page_id=23","title":{"rendered":"Termine"},"content":{"rendered":"\r\n<figure class=\"wp-block-table is-style-stripes\">\r\n<p><img loading=\"lazy\" decoding=\"async\" class=\"wp-image-588 aligncenter\" style=\"font-size: 1rem;\" src=\"https:\/\/ohrofyll.com\/wp-content\/uploads\/2023\/11\/Lastenrad-1.jpg\" alt=\"\" width=\"382\" height=\"323\" srcset=\"https:\/\/ohrofyll.com\/wp-content\/uploads\/2023\/11\/Lastenrad-1.jpg 1080w, https:\/\/ohrofyll.com\/wp-content\/uploads\/2023\/11\/Lastenrad-1-300x254.jpg 300w, https:\/\/ohrofyll.com\/wp-content\/uploads\/2023\/11\/Lastenrad-1-1024x866.jpg 1024w, https:\/\/ohrofyll.com\/wp-content\/uploads\/2023\/11\/Lastenrad-1-768x649.jpg 768w\" sizes=\"auto, (max-width: 382px) 100vw, 382px\" \/><\/p>\r\n<\/figure>\r\n<p>&nbsp;<\/p>\r\n<p><strong><span style=\"font-size: 18pt;\"><span style=\"font-size: 24pt;\"><u>2026<\/u><\/span><\/span><\/strong><\/p>\r\n<p>&nbsp;<\/p>\r\n<p><span style=\"font-size: 24pt; color: #008000;\"><strong>April<\/strong><\/span><\/p>\r\n<p><strong><span style=\"font-size: 14pt;\">Fr, 10.04.\u00a0 \u00a0 18.00 Uhr\u00a0 \u00a0 \u00a0 <\/span><span style=\"font-size: 14pt;\">&#8222;Jakob-Kemenate&#8220;\u00a0<\/span> <\/strong><span style=\"font-size: 14pt;\">Eiermarkt 1 B, 38100 Braunschweig<\/span><\/p>\r\n<p>&nbsp;<\/p>\r\n<p><span style=\"font-size: 24pt; color: #008000;\"><strong>Mai<\/strong><\/span><\/p>\r\n<p><span style=\"font-size: 14pt;\"><strong>Auftritte im Wendland:\u00a0<\/strong><\/span><\/p>\r\n<p><strong><span style=\"font-size: 14pt;\">Fr, 22.05.\u00a0 \u00a0 \u00a0 16.00 Uhr\u00a0 \u00a0Gro\u00dfe Heide <\/span><\/strong><span style=\"font-size: 14pt;\">\u00a0Heider Chaussee 9 in 29451 Gro\u00df Heide<\/span><\/p>\r\n<p><strong><span style=\"font-size: 14pt;\">Sa, 23.05.\u00a0 \u00a0 \u00a0 18.30 Uhr\u00a0 \u00a0Hitzacker &#8222;Caf\u00e9 Zwergenst\u00fcbchen&#8220; <\/span><\/strong><span style=\"font-size: 14pt;\">in Hitzacker, Hauptstra\u00dfe 20<\/span><\/p>\r\n<p><strong><span style=\"font-size: 14pt;\">So, 24.05.\u00a0 \u00a0 \u00a0 16.00 Uhr\u00a0 \u00a0Breese &#8222;Hof Birkenbruch&#8220; <\/span><\/strong><span style=\"font-size: 14pt;\">in Breese im Bruche 6, Jameln<\/span><\/p>\r\n<p><strong><span style=\"font-size: 14pt;\">Sa, 30.05.\u00a0 \u00a0 \u00a0 ab 19 Uhr\u00a0 \u00a0Ahmstorf Haus 13,\u00a0 <\/span><\/strong><span style=\"font-size: 14pt;\">Hof in Ahmstorf, Dorfstr. 13<\/span><\/p>\r\n<p><span style=\"font-size: 24pt; color: #008000;\"><strong>Juni<\/strong><\/span><\/p>\r\n<p><strong><span style=\"font-size: 14pt;\">Sa, 13.06.\u00a0 \u00a0 \u00a0 19.30 Uhr\u00a0 \u00a0Melle\u00a0 &#8222;Paulusgemeinde&#8220;\u00a0 <\/span><\/strong><span style=\"font-size: 14pt;\">in 49324 Melle, Saarlandstra\u00dfe 39<\/span><\/p>\r\n<p><span style=\"font-size: 14pt;\">Eintrittskarten\u00a0 k\u00f6nnen \u00fcber folgenden Link erworben werden:\u00a0 <\/span><strong style=\"font-size: 14pt;\">https:\/\/embed.eventfrog.de\/de\/embed\/button-buy.html?eventId=7433591330553495116<\/strong><\/p>\r\n<p>&nbsp;<\/p>\r\n<p><span style=\"font-size: 24pt; color: #008000;\"><strong>Juli<\/strong><\/span><\/p>\r\n<p><strong><span style=\"font-size: 14pt;\">S, 04.07.\u00a0 \u00a0 \u00a0 17.00 Uhr\u00a0 \u00a0Braunschweig, privates Konzert f\u00fcr den Mitgliederladen &#8222;Kernbei\u00dfer eG&#8220;<\/span><\/strong><\/p>\r\n<p>&nbsp;<\/p>\r\n<p><strong><span style=\"font-size: 14pt;\">So, 26.07.\u00a0 \u00a0 \u00a0 17.00 Uhr\u00a0 \u00a0Geitelde, privates Konzert<\/span><\/strong><\/p>\r\n<p><strong><span style=\"font-size: 14pt;\">Mo, 27.07.\u00a0 \u00a0 \u00a0 19.00 Uhr\u00a0 \u00a0&#8222;Letzte Wahrheiten&#8220; <\/span><\/strong><span style=\"font-size: 14pt;\">in Helmstedt,\u00a0 Gastst\u00e4tte &#8222;Zum Hausmannsturm&#8220;,\u00a0 Juliusstr. 6<\/span><\/p>\r\n<p>&nbsp;<\/p>\r\n<p><span style=\"font-size: 24pt; color: #008000;\"><strong>August<\/strong><\/span><\/p>\r\n<p><strong><span style=\"font-size: 14pt;\">Sa, 08.08.\u00a0 \u00a0 \u00a0 16.00 Uhr\u00a0 \u00a0 \u00a0 <b>Wolfenb\u00fcttel, privates Gartenkonzert<\/b><\/span><\/strong><\/p>\r\n<p><strong><span style=\"font-size: 14pt;\">Sa, 29.08.\u00a0 \u00a0 \u00a0 ??? Uhr\u00a0 \u00a0 \u00a0 \u00a0 Sickte, &#8222;50 Jahre SPD &#8222;, <\/span><\/strong><span style=\"font-size: 14pt;\">Herrenhauspark in Sickte<\/span><\/p>\r\n<p>&nbsp;<\/p>\r\n<p><span style=\"font-size: 24pt; color: #008000;\"><strong>September<\/strong><\/span><\/p>\r\n<p><strong><span style=\"font-size: 14pt;\">So, 20.09.\u00a0 \u00a0 \u00a016.00Uhr\u00a0 \u00a0 \u00a0 \u00a0 \u00a0 \u00a0 <\/span><\/strong><span style=\"font-size: 14pt;\"><strong><u>Neermoor,\u00a0 &#8222;M\u00fchle Neermoor&#8220;,<\/u><\/strong><\/span><span style=\"font-size: 14pt;\"><strong><u>\u00a0 <\/u><\/strong>N\u00fckkenborg 17, 26802 Moormerland<\/span><\/p>\r\n<p><strong><span style=\"font-size: 14pt;\">Fr, 25.09.\u00a0 \u00a0 \u00a0 18.30 Uhr\u00a0 \u00a0 \u00a0 \u00a0 \u00a0 \u00a0Watzum, &#8222;Kirche Watzum&#8220;,\u00a0<\/span><\/strong><span style=\"font-size: 14pt;\">Kirchberg, 38170 Uerde-Watzum<\/span><\/p>\r\n<p>&nbsp;<\/p>\r\n<p><span style=\"font-size: 24pt; color: #008000;\"><strong>Oktober<\/strong><\/span><\/p>\r\n<p><strong><span style=\"font-size: 14pt;\">Mi, 07.10.\u00a0 \u00a0 17.00 Uhr\u00a0 \u00a0 Braunschweig, DGB-Haus\u00a0<\/span><\/strong><span style=\"font-size: 14pt;\">\u00a0 (Private Veranstaltung)<\/span><\/p>\r\n<p><strong><span style=\"font-size: 14pt;\">Fr 30.10.\u00a0 \u00a0 \u00a0 19.30 Uhr\u00a0 \u00a0 Wense &#8222;PlanzenEck bei Nacht&#8220;,\u00a0 \u00a0<\/span><\/strong><span style=\"font-size: 14pt;\">Dorfstra\u00dfe 1, 38176 Wendeburg<\/span><\/p>\r\n<p>&nbsp;<\/p>\r\n<p><span style=\"font-size: 24pt; color: #008000;\"><strong>November<\/strong><\/span><\/p>\r\n<p>&nbsp;<\/p>\r\n<p><strong><span style=\"font-size: 14pt;\">Mo, 16.11.\u00a0 \u00a019.30 Uhr\u00a0 \u00a0 \u00a0 \u00a0 <\/span><span style=\"font-size: 14pt;\">&#8222;Letzte Wahrheiten&#8220;\u00a0 <\/span><\/strong><span style=\"font-size: 14pt;\">im Theater <strong>Das Kult <\/strong>Hamburger Stra\u00dfe 273, 38114 Braunschweig <\/span><span style=\"font-size: 14pt;\">\u00a0<\/span><\/p>\r\n<p><strong><span style=\"font-size: 14pt;\">Fr, 27.11.\u00a0 \u00a019.30 Uhr\u00a0 \u00a0 \u00a0 \u00a0 \u00a0 St\u00f6ckheim,<\/span><span style=\"font-size: 14pt;\">\u00a0 &#8222;Kultur vor Ort&#8220; <\/span><\/strong><span style=\"font-size: 14pt;\"><i>im Gemeindehaus der ev. Kirche, Kirchenbrink 3c<\/i><\/span><\/p>\r\n<p>&nbsp;<\/p>\r\n<p><strong><span style=\"font-size: 18pt;\"><span style=\"font-size: 24pt;\"><u>2027<\/u><\/span><\/span><\/strong><\/p>\r\n<p>&nbsp;<\/p>\r\n<p><span style=\"font-size: 24pt; color: #008000;\"><strong>M\u00e4rz<\/strong><\/span><\/p>\r\n<p><strong><span style=\"font-size: 14pt;\">Sa,\u00a0 6.03.\u00a0 \u00a020.00 Uhr\u00a0 \u00a0 \u00a0 \u00a0 \u00a0Braunschweig,<\/span><span style=\"font-size: 14pt;\">\u00a0 \u00a0&#8222;Das Kult<\/span><span style=\"font-size: 14pt;\"><em>&#8222;, <\/em><\/span><\/strong><span style=\"font-size: 14pt;\"><em>Hamburger <\/em><\/span><span style=\"font-size: 14pt;\"><em>Stra\u00dfe 273, 38114 Braunschweig<\/em><\/span><\/p>\r\n<p>&nbsp;<\/p>\r\n<p><span style=\"font-size: 24pt; color: #008000;\"><strong>Oktober<\/strong><\/span><\/p>\r\n<p><strong><span style=\"font-size: 14pt;\">Fr, 15.10.\u00a0 \u00a020.00 Uhr\u00a0 \u00a0 \u00a0 \u00a0 \u00a0L\u00fcneburg,<\/span><span style=\"font-size: 14pt;\">\u00a0 \u00a0&#8222;<\/span><span style=\"font-size: 14pt;\"><em>Konzert im Wasserturm&#8220;,\u00a0 \u00a0<\/em><\/span><\/strong><span style=\"font-size: 14pt;\">Am Wasserturm 1, 21335 L\u00fcneburg<\/span><\/p>\r\n<p>&nbsp;<\/p>\r\n<p><span style=\"font-size: 14pt;\"><strong><u>Auftritte in den letzten Jahren:<\/u><\/strong><\/span><\/p>\r\n<p>&nbsp;<\/p>\r\n<p><span style=\"font-size: 14pt;\"><strong><u>2025:<\/u><\/strong><\/span><\/p>\r\n<p><span style=\"font-size: 12pt;\"><strong>Fr, 10.01.\u00a0 \u00a0<\/strong> Braunschweig (private Feier)<\/span><\/p>\r\n<p><span style=\"font-size: 12pt;\"><strong>Sa, 08.02.\u00a0 \u00a0<\/strong>Braunschweig &#8222;Rathausplatz&#8220;\u00a0 , Aktion OMAS GEGEN RECHTS<\/span><\/p>\r\n<p><span style=\"font-size: 12pt;\"><strong>So, 09.03.\u00a0 \u00a0<\/strong> Melle, &#8222;Insel der K\u00fcnste&#8220;<\/span><\/p>\r\n<p><span style=\"font-size: 12pt;\"><strong>Fr, 04.04.\u00a0 \u00a0 \u00a0<\/strong>L\u00fcbeck, \u00a0 &#8222;<em>WortWerft&#8220;<\/em><\/span><\/p>\r\n<p><span style=\"font-size: 12pt;\"><strong>Sa, 05.04.\u00a0 \u00a0 <\/strong>M\u00f6lln, \u00a0 &#8222;<em>Folkclub M\u00f6lln e.V.&#8220;<\/em><\/span><\/p>\r\n<p><span style=\"font-size: 12pt;\"><strong>Fr, 23.05.\u00a0 \u00a0 \u00a0<\/strong>Uetze<strong>, <\/strong> &#8222;Freiraum<em>&#8222;<\/em><\/span><\/p>\r\n<p><span style=\"font-size: 12pt;\"><strong>So, 25.05.\u00a0 \u00a0<\/strong>Hachum<strong>, <\/strong>&#8222;St. Nikolaus Kirche&#8220;<\/span><\/p>\r\n<p><span style=\"font-size: 12pt;\"><strong>Fr, 30.05.\u00a0 \u00a0 <\/strong>Hitzacker<strong>,<\/strong> &#8222;Zwergenst\u00fcbchen&#8220;<\/span><\/p>\r\n<p><span style=\"font-size: 12pt;\"><strong>Sa, 31.05.\u00a0 \u00a0<\/strong>Kulturverein Gut Corvin, Corvin<\/span><\/p>\r\n<p><span style=\"font-size: 12pt;\"><strong>Sa, 31.05.\u00a0 \u00a0<\/strong>Kussebode<\/span><\/p>\r\n<p><strong><span style=\"font-size: 14pt;\">S<span style=\"font-size: 12pt;\">o, 01.06.\u00a0 \u00a0<\/span><\/span><\/strong><span style=\"font-size: 14pt;\"><span style=\"font-size: 12pt;\">L\u00fcneburg,<\/span><\/span><span style=\"font-size: 12pt;\">\u00a0 \u00a0&#8222;<em>Konzert im Wasserturm&#8220;<\/em><\/span><\/p>\r\n<p><span style=\"font-size: 12pt;\"><strong>Sa, 14.06.\u00a0 \u00a0 <\/strong>Braunschweiger Kulturnacht,\u00a0 &#8222;Jakobs-Kemenate&#8220;\u00a0<\/span><\/p>\r\n<p><span style=\"font-size: 12pt;\"><strong>Sa, 21.06.\u00a0 \u00a0<\/strong>Quedlinburg, &#8222;Fete de la Musique&#8220; Caf\u00e9 Franz&#8220;<\/span><\/p>\r\n<p><span style=\"font-size: 12pt;\"><strong>Fr, 27.06.\u00a0 \u00a0<\/strong> \u00a0Hondelage,\u00a0 \u00a0&#8222;Umweltzentrum Fun<em>&#8222;<\/em><\/span><\/p>\r\n<p><span style=\"font-size: 12pt;\"><strong>Sa, 16.08.\u00a0 \u00a0<\/strong> Wendeburg (private Feier)<\/span><\/p>\r\n<p><span style=\"font-size: 12pt;\"><strong>Sa, 23.08.\u00a0 \u00a0<\/strong>Osterwieck, &#8222;F\u00f6rderverein Sch\u00e4fers Hof Osterwieck e.V.&#8220;<\/span><\/p>\r\n<p><span style=\"font-size: 12pt;\"><strong>So, 24.08.\u00a0 \u00a0<\/strong>Klein Gleidingen &#8222;Haust\u00fcrkonzert&#8220;<\/span><\/p>\r\n<p><span style=\"font-size: 12pt;\"><strong>Mo, 25.08.\u00a0 <\/strong>Helmstedt &#8222;Letzte Wahrheiten<strong>&#8222;<\/strong><\/span><\/p>\r\n<p><strong><span style=\"font-size: 14pt;\"><span style=\"font-size: 12pt;\">Fr, 12.09.\u00a0 \u00a0 \u00a0 <\/span><\/span><\/strong><span style=\"font-size: 12pt;\">Braunschweig &#8222;DGB-Haus&#8220;\u00a0<\/span><\/p>\r\n<p><span style=\"font-size: 12pt;\"><strong>Mo, 15.09.\u00a0 \u00a0 \u00a0<\/strong>Braunschweig, &#8222;Demokratie klingt&#8220; im DGB-Haus,\u00a0<\/span><\/p>\r\n<p><span style=\"font-size: 12pt;\"><strong>Fr, 19.09.\u00a0 \u00a0 \u00a0 <\/strong>Wense &#8222;PlanzenEck bei Nacht&#8220;,\u00a0\u00a0<\/span><\/p>\r\n<p><span style=\"font-size: 12pt;\"><strong>Sa, 20.09.\u00a0 \u00a0 \u00a0<\/strong>Ahmstorf,\u00a0 Haus 13<\/span><\/p>\r\n<p><span style=\"font-size: 12pt;\"><strong>Fr, 07.11.\u00a0 \u00a0 \u00a0 \u00a0<\/strong>&#8222;Letzte Wahrheiten&#8220; in der Kaufbar, Braunschweig\u00a0<\/span><\/p>\r\n<p><span style=\"font-size: 12pt;\"><strong>So, 09.11.\u00a0 \u00a0 \u00a0 <\/strong>Sch\u00f6ppenstedt, &#8222;Eulenspiegelmuseum&#8220;<\/span><\/p>\r\n<p>&nbsp;<\/p>\r\n<p><span style=\"font-size: 14pt;\"><strong><u>2024:<\/u><\/strong><\/span><\/p>\r\n<p><strong>Do, 14.03<\/strong>. \u00a0\u00a0\u00a0\u00a0\u00a0\u00a0\u00a0\u00a0\u00a0 Sickte, Rittersaal<\/p>\r\n<p><strong>Fr, 22. 03.<\/strong>\u00a0 \u00a0 \u00a0 \u00a0 \u00a0 \u00a0Lucklum, Wegart<\/p>\r\n<p><strong>So, 07. 04<\/strong>\u00a0 \u00a0 \u00a0 \u00a0 \u00a0 \u00a0Abbenrode, M\u00fchlencafe<\/p>\r\n<p><strong>Fr, 17.05.<\/strong>\u00a0 \u00a0 \u00a0 \u00a0 \u00a0 \u00a0 \u00a0Stiepelse, Cafe Plan BVHS<\/p>\r\n<p><strong>Sa, 18.05.<\/strong>\u00a0 \u00a0 \u00a0 \u00a0 \u00a0 \u00a0Hitzacker, Destinature Dorf<\/p>\r\n<p><strong>So, 19.05.<\/strong>\u00a0 \u00a0 \u00a0 \u00a0 \u00a0 \u00a0Clenze, Gut Corvin KLP<\/p>\r\n<p><strong>So, 19.05.<\/strong>\u00a0 \u00a0 \u00a0 \u00a0 \u00a0 \u00a0Gro\u00df Heide, KLP<\/p>\r\n<p><strong>So, 02.06.<\/strong>\u00a0 \u00a0 \u00a0 \u00a0 \u00a0 Dettum, Galerie Kullturhaus<\/p>\r\n<p><strong>Sa, 15.06.<\/strong>\u00a0 \u00a0 \u00a0 \u00a0 \u00a0 \u00a0Wolfsburg, Regionales Musikfest<\/p>\r\n<p><strong>Fr, 21.06.<\/strong>\u00a0 \u00a0 \u00a0 \u00a0 \u00a0 \u00a0 Quedlinburg, Fete de la musique<\/p>\r\n<p><strong>So, 15.09.<\/strong>\u00a0 \u00a0 \u00a0 \u00a0 \u00a0 Geitelde\u00a0 \u00a0 \u00a0 \u00a0 \u00a0\u00a0<\/p>\r\n<p><strong>Fr, 11.10.<\/strong>\u00a0 \u00a0 \u00a0 \u00a0 \u00a0 \u00a0 \u00a0Wense, Pflanzeneck<\/p>\r\n<p>&nbsp;<\/p>\r\n<p><span style=\"font-size: 14pt;\"><strong><u>2023:<\/u><\/strong><\/span><\/p>\r\n<p><strong>Mi, 25.01.<\/strong>\u00a0 \u00a0 \u00a0 \u00a0 \u00a0 \u00a0 \u00a0 Braunschweig, VHS<\/p>\r\n<p><strong>So, 19.02.<\/strong>\u00a0 \u00a0 \u00a0 \u00a0 \u00a0 \u00a0 \u00a0 Geitelde\u00a0<\/p>\r\n<p><strong>Fr, 26.05.<\/strong>\u00a0 \u00a0 \u00a0 \u00a0 \u00a0 \u00a0 \u00a0 \u00a0Stiepelse, Caf\u00e9 Plan B<\/p>\r\n<p><strong>Sa, 27.05.<\/strong>\u00a0 \u00a0 \u00a0 \u00a0 \u00a0 \u00a0 \u00a0 Wietzetze<\/p>\r\n<p><strong>Sa, 17.06.<\/strong>\u00a0 \u00a0 \u00a0 \u00a0 \u00a0 \u00a0 \u00a0 Braunschweiger Kulturnacht<\/p>\r\n<p><strong>Mo, 31.07.<\/strong>\u00a0 \u00a0 \u00a0 \u00a0 \u00a0 \u00a0 \u00a0Letzte Wahrheiten, Helmstedt<\/p>\r\n<p><strong>Fr, 21.07.<\/strong>\u00a0 \u00a0 \u00a0 \u00a0 \u00a0 \u00a0 \u00a0 \u00a0 \u00a0Happy Hour im Haus der Kulturen in BS<\/p>\r\n<p><strong>Sa, 22.07.<\/strong>\u00a0 \u00a0 \u00a0 \u00a0 \u00a0 \u00a0 \u00a0 Sommerfest des westlichen Ringgebiets in BS\u00a0 \u00a0 \u00a0 \u00a0 \u00a0 \u00a0 \u00a0<\/p>\r\n<p><strong>So, 13.08.<\/strong>\u00a0 \u00a0 \u00a0 \u00a0 \u00a0 \u00a0 \u00a0 \u00a0Badersleben, Bockwindm\u00fchle<\/p>\r\n<p><strong>Fr, 18.08.<\/strong>\u00a0 \u00a0 \u00a0 \u00a0 \u00a0 \u00a0 \u00a0 \u00a0 Osterwieck, Sch\u00e4fers Hof<\/p>\r\n<p><strong>Sa, 09.09.<\/strong>\u00a0 \u00a0 \u00a0 \u00a0 \u00a0 \u00a0 \u00a0 Helmstedter Kulturnacht<\/p>\r\n<p><strong>So, 10.09.<\/strong>\u00a0 \u00a0 \u00a0 \u00a0 \u00a0 \u00a0 \u00a0 \u00d6kodorf Siebenlinden in Beetzendorf<\/p>\r\n<p><strong>Sa, 16.09.<\/strong>\u00a0 \u00a0 \u00a0 \u00a0 \u00a0 \u00a0 \u00a0 \u00a0Wolfenb\u00fcttler Kulturnacht<strong>\u00a0 \u00a0 \u00a0 \u00a0<\/strong><\/p>\r\n<p><strong>Fr, 20.10.<\/strong>\u00a0 \u00a0 \u00a0 \u00a0 \u00a0 \u00a0 \u00a0 \u00a0 Braunschweig, Das Kult,\u00a0 \u00a0 \u00a0<\/p>\r\n<p><strong>Di, 05.12.<\/strong>\u00a0 \u00a0 \u00a0 \u00a0 \u00a0 \u00a0 \u00a0 \u00a0 Schladen, Veranstaltung des Landkreis WF<\/p>\r\n<p>&nbsp;<\/p>\r\n<p><span style=\"font-size: 14pt;\"><strong><u>2022:<\/u><\/strong><\/span><\/p>\r\n<p><strong>Sa, 21.05.<\/strong>\u00a0 \u00a0 \u00a0 \u00a0\u00a0\u00a0\u00a0 Braunschweig Kohlmarkt, Selbsthilfetag<\/p>\r\n<p><strong>Sa, 21.05.<\/strong>\u00a0 \u00a0 \u00a0 \u00a0\u00a0\u00a0\u00a0 Goslar, Regionales Musikfest<\/p>\r\n<p><strong>Fr, 02.06.<\/strong>\u00a0 \u00a0 \u00a0 \u00a0\u00a0\u00a0\u00a0\u00a0 Stiepelse, Caf\u00e9 Plan B, Elbstra\u00dfe 5<\/p>\r\n<p><strong>Sa, 04.06<\/strong>.\u00a0 \u00a0 \u00a0 \u00a0\u00a0\u00a0\u00a0 Gro\u00df Heide, KLP- Wunder.Punkt,<\/p>\r\n<p><strong>So, 05.06.<\/strong>\u00a0 \u00a0 \u00a0\u00a0\u00a0\u00a0\u00a0\u00a0 Corvin, Culturverein, Gut Corvin\u00a0<\/p>\r\n<p><strong>So, 05.06.<\/strong>\u00a0 \u00a0 \u00a0\u00a0\u00a0\u00a0\u00a0\u00a0 Kussebode, K\u00fcnstlerhof Tante Cuba<\/p>\r\n<p><strong>Sa, 18.06<\/strong>\u00a0 \u00a0 \u00a0 \u00a0\u00a0\u00a0\u00a0\u00a0 Osterwieck (F\u00e9te de la Musique)<\/p>\r\n<p><strong>Sa, 02.07.<\/strong>\u00a0 \u00a0 \u00a0 \u00a0\u00a0\u00a0\u00a0 Destedt, Mittsommerfest Destedter Manufakturen\u00a0 \u00a0 \u00a0 \u00a0 \u00a0<\/p>\r\n<p><strong>Sa, 24.09<\/strong>\u00a0 \u00a0 \u00a0 \u00a0\u00a0\u00a0\u00a0\u00a0 Das Kult,\u00a0Braunschweig (&#8222;20 Jahre Lyrik und Musik&#8220;)<\/p>\r\n<p><strong>Fr,\u00a0 28.10<\/strong>\u00a0 \u00a0 \u00a0 \u00a0\u00a0\u00a0\u00a0\u00a0 Braunschweig,\u00a0&#8222;Kultur vor Ort&#8220;<\/p>\r\n<p><strong>So,\u00a0 06.11<\/strong>\u00a0 \u00a0 \u00a0 \u00a0\u00a0\u00a0\u00a0 \u00d6kodorf Siebenlinden in Beetzendorf<\/p>\r\n<p><strong><u>\u00a0<\/u><\/strong><\/p>\r\n<p><span style=\"font-size: 14pt;\"><strong><u>2021:<\/u><\/strong><\/span><\/p>\r\n<p><strong>Fr, 15.10.<\/strong> \u00a0\u00a0\u00a0\u00a0\u00a0\u00a0\u00a0\u00a0\u00a0\u00a0\u00a0 Hondelage, Natur Erlebniszentrum<\/p>\r\n<p><strong>So, 19.9.<\/strong>\u00a0\u00a0\u00a0\u00a0\u00a0\u00a0\u00a0\u00a0\u00a0\u00a0\u00a0\u00a0\u00a0 Wolfenb\u00fcttel, Kaffeezeit<\/p>\r\n<p><strong>Sa, 18.9.<\/strong>\u00a0 \u00a0 \u00a0 \u00a0 \u00a0 \u00a0 \u00a0 Braunschweig, Echonacht Braunschweiger Forum<\/p>\r\n<p><strong>So, 12.9.<\/strong>\u00a0 \u00a0 \u00a0 \u00a0 \u00a0 \u00a0 \u00a0 Kussebode, Tante Cuba<\/p>\r\n<p><strong>Fr, 13.8.<\/strong>\u00a0 \u00a0 \u00a0 \u00a0 \u00a0 \u00a0 \u00a0Braunschweig, Caf\u00e9 Kreuzgang<\/p>\r\n<p><strong>So, 18.7.<\/strong>\u00a0\u00a0\u00a0\u00a0\u00a0\u00a0\u00a0\u00a0\u00a0 Dettum, Galerie Kulturhaus<\/p>\r\n<p><strong>Mo, 28.6.<\/strong>\u00a0\u00a0\u00a0\u00a0\u00a0\u00a0\u00a0 Helmstedt, Letzte Wahrheiten<\/p>\r\n<figure class=\"wp-block-table is-style-stripes\"><\/figure>\r\n<figure class=\"wp-block-table is-style-regular\"><\/figure>\r\n","protected":false},"excerpt":{"rendered":"<p>&nbsp; 2026 &nbsp; April Fr, 10.04.\u00a0 \u00a0 18.00 Uhr\u00a0 \u00a0 \u00a0 &#8222;Jakob-Kemenate&#8220;\u00a0 Eiermarkt 1 B, 38100 Braunschweig &nbsp; Mai Auftritte im Wendland:\u00a0 Fr, 22.05.\u00a0 \u00a0 \u00a0 16.00 Uhr\u00a0 \u00a0Gro\u00dfe Heide \u00a0Heider Chaussee 9 in 29451 Gro\u00df Heide Sa, 23.05.\u00a0 \u00a0 \u00a0 18.30 Uhr\u00a0 \u00a0Hitzacker &#8222;Caf\u00e9 Zwergenst\u00fcbchen&#8220; in Hitzacker, Hauptstra\u00dfe 20 So, 24.05.\u00a0 \u00a0 \u00a0 16.00 &hellip; <\/p>\n<p class=\"link-more\"><a href=\"https:\/\/ohrofyll.com\/?page_id=23\" class=\"more-link\"><span class=\"screen-reader-text\">\u201eTermine\u201c <\/span>weiterlesen<\/a><\/p>\n","protected":false},"author":1,"featured_media":0,"parent":0,"menu_order":0,"comment_status":"closed","ping_status":"closed","template":"","meta":{"footnotes":""},"class_list":["post-23","page","type-page","status-publish","hentry"],"_links":{"self":[{"href":"https:\/\/ohrofyll.com\/index.php?rest_route=\/wp\/v2\/pages\/23","targetHints":{"allow":["GET"]}}],"collection":[{"href":"https:\/\/ohrofyll.com\/index.php?rest_route=\/wp\/v2\/pages"}],"about":[{"href":"https:\/\/ohrofyll.com\/index.php?rest_route=\/wp\/v2\/types\/page"}],"author":[{"embeddable":true,"href":"https:\/\/ohrofyll.com\/index.php?rest_route=\/wp\/v2\/users\/1"}],"replies":[{"embeddable":true,"href":"https:\/\/ohrofyll.com\/index.php?rest_route=%2Fwp%2Fv2%2Fcomments&post=23"}],"version-history":[{"count":149,"href":"https:\/\/ohrofyll.com\/index.php?rest_route=\/wp\/v2\/pages\/23\/revisions"}],"predecessor-version":[{"id":854,"href":"https:\/\/ohrofyll.com\/index.php?rest_route=\/wp\/v2\/pages\/23\/revisions\/854"}],"wp:attachment":[{"href":"https:\/\/ohrofyll.com\/index.php?rest_route=%2Fwp%2Fv2%2Fmedia&parent=23"}],"curies":[{"name":"wp","href":"https:\/\/api.w.org\/{rel}","templated":true}]}}